{"id":1517,"date":"2021-12-27T18:06:50","date_gmt":"2021-12-27T17:06:50","guid":{"rendered":"https:\/\/kyushomallorca.com\/?page_id=1517"},"modified":"2025-02-17T13:16:18","modified_gmt":"2025-02-17T12:16:18","slug":"pertenecemos","status":"publish","type":"page","link":"https:\/\/kyushomallorca.com\/index.php\/pertenecemos\/","title":{"rendered":"Pertenecemos"},"content":{"rendered":"\t\t<div data-elementor-type=\"wp-page\" data-elementor-id=\"1517\" class=\"elementor elementor-1517\">\n\t\t\t\t\t\t<section class=\"elementor-section elementor-top-section elementor-element elementor-element-3d83309 elementor-section-boxed elementor-section-height-default elementor-section-height-default\" data-id=\"3d83309\" data-element_type=\"section\">\n\t\t\t\t\t\t<div class=\"elementor-container elementor-column-gap-default\">\n\t\t\t\t\t<div class=\"elementor-column elementor-col-100 elementor-top-column elementor-element elementor-element-042e063\" data-id=\"042e063\" data-element_type=\"column\">\n\t\t\t<div class=\"elementor-widget-wrap elementor-element-populated\">\n\t\t\t\t\t\t<div class=\"elementor-element elementor-element-65d7d4b elementor-widget elementor-widget-text-editor\" data-id=\"65d7d4b\" data-element_type=\"widget\" data-widget_type=\"text-editor.default\">\n\t\t\t\t<div class=\"elementor-widget-container\">\n\t\t\t\t\t\t\t\t\t<p style=\"text-align: justify; line-height: normal; mso-outline-level: 2;\"><span style=\"color: #3366ff;\"><b><span style=\"font-size: 29.5pt; font-family: 'Arial',sans-serif; mso-fareast-font-family: 'Times New Roman'; mso-fareast-language: ES;\"><img decoding=\"async\" src=\"https:\/\/rfejudo.com\/wp-content\/uploads\/FDJLOGOFINALAIKIDO.png\" alt=\"Real Federaci\u00f3n Espa\u00f1ola de Judo y Deportes Asociados\" \/>Somos una disciplina independiente:<\/span><\/b><\/span><\/p><p style=\"margin-bottom: 15.0pt; line-height: normal;\"><span style=\"font-size: 22.0pt; font-family: 'Arial',sans-serif; mso-fareast-font-family: 'Times New Roman'; color: black; mso-fareast-language: ES;\">Como disciplina est\u00e1 reconocida como Especialidad Deportiva, de igual manera que el Judo, Jiu-Jitsu, Defensa personal, Kendo, Wu-Shu por la Federaci\u00f3n Espa\u00f1ola de Judo y DA, teniendo su propio sistema de cinturones y programa.<\/span><\/p><p style=\"margin-bottom: 15.0pt; line-height: normal;\"><span style=\"font-size: 22.0pt; font-family: 'Arial',sans-serif; mso-fareast-font-family: 'Times New Roman'; color: black; mso-fareast-language: ES;\"><a href=\"http:\/\/www.rfejudo.com\/\" target=\"_blank\" rel=\"noopener\">http:\/\/www.rfejudo.com\/<\/a><\/span><\/p><p style=\"margin-bottom: 15.0pt; line-height: normal;\"><a href=\"https:\/\/www.rfejudo.com\/category\/deportes-asociados\/aikido\/\"><span style=\"color: #000000; font-family: Arial, sans-serif;\"><span style=\"font-size: 29.3333px;\">https:\/\/www.rfejudo.com\/category\/deportes-asociados\/aikido\/<\/span><\/span><\/a><\/p><p style=\"margin-bottom: 15.0pt; line-height: normal;\"><span style=\"color: #000000; font-family: Arial, sans-serif;\"><span style=\"font-size: 29.3333px;\">&#8212;&#8212;&#8212;&#8212;&#8212;&#8212;&#8212;&#8212;&#8212;&#8212;&#8212;&#8212;&#8212;&#8212;&#8212;&#8212;&#8212;&#8212;&#8212;&#8212;&#8212;&#8212;&#8212;&#8212;&#8212;&#8212;&#8212;&#8212;&#8212;&#8212;&#8212;&#8212;&#8212;&#8212;&#8212;&#8212;&#8212;<\/span><\/span><\/p><p style=\"margin-bottom: 15.0pt; line-height: normal;\"><span style=\"color: #000000; font-family: Arial, sans-serif;\"><span style=\"font-size: 29.3333px;\">Estamos entre los clubes de Aikido de la Federaci\u00f3 Balear de Judo i EE.AA,:<\/span><\/span><\/p><p style=\"margin-bottom: 15.0pt; line-height: normal;\"><a href=\"https:\/\/www.fedebaljudo.com\/es\/clubs-baleares\/aikido\"><span style=\"color: #000000; font-family: Arial, sans-serif;\"><span style=\"font-size: 29.3333px;\">https:\/\/www.fedebaljudo.com\/es\/clubs-baleares\/aikido<\/span><\/span><\/a><\/p>\t\t\t\t\t\t\t\t<\/div>\n\t\t\t\t<\/div>\n\t\t\t\t\t<\/div>\n\t\t<\/div>\n\t\t\t\t\t<\/div>\n\t\t<\/section>\n\t\t\t\t<section class=\"elementor-section elementor-top-section elementor-element elementor-element-2e935b0 elementor-section-boxed elementor-section-height-default elementor-section-height-default\" data-id=\"2e935b0\" data-element_type=\"section\">\n\t\t\t\t\t\t<div class=\"elementor-container elementor-column-gap-default\">\n\t\t\t\t\t<div class=\"elementor-column elementor-col-100 elementor-top-column elementor-element elementor-element-9d78ce7\" data-id=\"9d78ce7\" data-element_type=\"column\">\n\t\t\t<div class=\"elementor-widget-wrap elementor-element-populated\">\n\t\t\t\t\t\t<div class=\"elementor-element elementor-element-8de148e elementor-widget elementor-widget-text-editor\" data-id=\"8de148e\" data-element_type=\"widget\" data-widget_type=\"text-editor.default\">\n\t\t\t\t<div class=\"elementor-widget-container\">\n\t\t\t\t\t\t\t\t\t<p style=\"margin-bottom: 15.0pt; text-align: justify; line-height: normal;\"><span style=\"color: #3366ff;\"><b style=\"font-family: var( --e-global-typography-text-font-family ), Sans-serif;\"><span style=\"font-size: 29.5pt; font-family: 'Arial',sans-serif; mso-fareast-font-family: 'Times New Roman'; mso-fareast-language: ES;\">A trav\u00e9s de la Association Internacional d&#8217;A\u00efkido Traditionnel du Japon:<\/span><\/b><\/span><\/p><p class=\"MsoNormal\" style=\"text-align: justify; line-height: normal; mso-outline-level: 2;\">\u00a0<\/p><p style=\"margin-bottom: 15.0pt; text-align: justify; line-height: normal;\"><span style=\"font-size: 22.0pt; font-family: 'Arial',sans-serif; mso-fareast-font-family: 'Times New Roman'; color: black; mso-fareast-language: ES;\">A trav\u00e9s La Fundaci\u00f3n Aikikai es originalmente una escuela de <a title=\"Aikido\" href=\"https:\/\/es.wikipedia.org\/wiki\/Aikido\"><span style=\"font-family: Calibri, sans-serif; color: black;\">Aikido<\/span><\/a>. Es el organismo rector encargado del desarrollo y popularizaci\u00f3n del <a title=\"Arte marcial\" href=\"https:\/\/es.wikipedia.org\/wiki\/Arte_marcial\"><span style=\"font-family: Calibri, sans-serif; color: black;\">arte marcial<\/span><\/a> del <a title=\"Aikid\u014d\" href=\"https:\/\/es.wikipedia.org\/wiki\/Aikid%C5%8D\"><span style=\"font-family: Calibri, sans-serif; color: black;\">Aikid\u014d<\/span><\/a> en el mundo a trav\u00e9s de la Federaci\u00f3n Internacional de Aikido (IAF<a href=\"https:\/\/es.wikipedia.org\/wiki\/Aikikai#cite_note-iaf-2\"><span style=\"font-family: Calibri, sans-serif; color: black;\">2<\/span><\/a> ) y se encuentran en <a title=\"Tokio\" href=\"https:\/\/es.wikipedia.org\/wiki\/Tokio\"><span style=\"font-family: Calibri, sans-serif; color: black;\">Tokio<\/span><\/a> y fue fundado en <a title=\"1931\" href=\"https:\/\/es.wikipedia.org\/wiki\/1931\"><span style=\"font-family: Calibri, sans-serif; color: black;\">1931<\/span><\/a>. A la cabeza de ella est\u00e1 el <a title=\"Doshu\" href=\"https:\/\/es.wikipedia.org\/wiki\/Doshu\"><span style=\"font-family: Calibri, sans-serif; color: black;\">Doshu<\/span><\/a><a href=\"https:\/\/es.wikipedia.org\/wiki\/Aikikai#cite_note-3\"><span style=\"font-family: Calibri, sans-serif; color: black;\">3<\/span><\/a> <a title=\"Moriteru Ueshiba\" href=\"https:\/\/es.wikipedia.org\/wiki\/Moriteru_Ueshiba\"><span style=\"font-family: Calibri, sans-serif; color: black;\">Moriteru Ueshiba<\/span><\/a>, nieto del fundador, <a title=\"Morihei Ueshiba\" href=\"https:\/\/es.wikipedia.org\/wiki\/Morihei_Ueshiba\"><span style=\"font-family: Calibri, sans-serif; color: black;\">Morihei Ueshiba<\/span><\/a> O-Sensei, e hijo del anterior <a title=\"Doshu\" href=\"https:\/\/es.wikipedia.org\/wiki\/Doshu\"><span style=\"font-family: Calibri, sans-serif; color: black;\">Doshu<\/span><\/a>, <a title=\"Kisshomaru Ueshiba\" href=\"https:\/\/es.wikipedia.org\/wiki\/Kisshomaru_Ueshiba\"><span style=\"font-family: Calibri, sans-serif; color: black;\">Kisshomaru Ueshiba<\/span><\/a>.<\/span><\/p><p>\u00a0<\/p><p style=\"margin-bottom: 15pt; line-height: normal;\"><span style=\"font-size: 22.0pt; font-family: 'Arial',sans-serif; mso-fareast-font-family: 'Times New Roman'; color: black; mso-fareast-language: ES;\">Com\u00fanmente la Aikikai tambi\u00e9n connota un estilo de aikido, enf\u00e1ticamente circular y de uso de la energ\u00eda vital o Ki. Aunque el <a title=\"Aikid\u014d\" href=\"https:\/\/es.wikipedia.org\/wiki\/Aikid%C5%8D\"><span style=\"font-family: Calibri, sans-serif; color: black;\">Aikid\u014d<\/span><\/a> dentro del mismo Aikikai puede ser t\u00e9cnicamente bastante diferente pues cada alumno de <a title=\"Morihei Ueshiba\" href=\"https:\/\/es.wikipedia.org\/wiki\/Morihei_Ueshiba\"><span style=\"font-family: Calibri, sans-serif; color: black;\">Morihei Ueshiba<\/span><\/a> tiene su propia interpretaci\u00f3n del arte, ya que los shihans (maestros de alto grado) recibieron clases de O-Sensei en diferentes momentos de su vida (y por tanto de su aprendizaje personal), y al mismo tiempo algunos tuvieron otras influencias marciales o filos\u00f3ficas. Todo esto se refleja en la gran diversidad t\u00e9cnica dentro de la organizaci\u00f3n.<\/span><\/p>\t\t\t\t\t\t\t\t<\/div>\n\t\t\t\t<\/div>\n\t\t\t\t\t<\/div>\n\t\t<\/div>\n\t\t\t\t\t<\/div>\n\t\t<\/section>\n\t\t\t\t<\/div>\n\t\t","protected":false},"excerpt":{"rendered":"<p>Somos una disciplina independiente: Como disciplina est\u00e1 reconocida como Especialidad Deportiva, de igual manera que el Judo, Jiu-Jitsu, Defensa personal, Kendo, Wu-Shu por la Federaci\u00f3n Espa\u00f1ola de Judo y DA, teniendo su propio sistema de cinturones y programa. http:\/\/www.rfejudo.com\/ https:\/\/www.rfejudo.com\/category\/deportes-asociados\/aikido\/ &#8212;&#8212;&#8212;&#8212;&#8212;&#8212;&#8212;&#8212;&#8212;&#8212;&#8212;&#8212;&#8212;&#8212;&#8212;&#8212;&#8212;&#8212;&#8212;&#8212;&#8212;&#8212;&#8212;&#8212;&#8212;&#8212;&#8212;&#8212;&#8212;&#8212;&#8212;&#8212;&#8212;&#8212;&#8212;&#8212;&#8212; Estamos entre los clubes de Aikido de la Federaci\u00f3 Balear de Judo i EE.AA,:&hellip;&nbsp;<a href=\"https:\/\/kyushomallorca.com\/index.php\/pertenecemos\/\" class=\"\" rel=\"bookmark\">Leer m\u00e1s &raquo;<span class=\"screen-reader-text\">Pertenecemos<\/span><\/a><\/p>\n","protected":false},"author":1,"featured_media":0,"parent":0,"menu_order":0,"comment_status":"closed","ping_status":"closed","template":"page-templates\/template-pagebuilder-full-width.php","meta":{"_monsterinsights_skip_tracking":false,"_monsterinsights_sitenote_active":false,"_monsterinsights_sitenote_note":"","_monsterinsights_sitenote_category":0,"footnotes":""},"class_list":["post-1517","page","type-page","status-publish","hentry"],"yoast_head":"<!-- This site is optimized with the Yoast SEO plugin v27.5 - https:\/\/yoast.com\/product\/yoast-seo-wordpress\/ -->\n<title>Pertenecemos | DOJO KOBUKAN<\/title>\n<meta name=\"robots\" content=\"index, follow, max-snippet:-1, max-image-preview:large, max-video-preview:-1\" \/>\n<link rel=\"canonical\" href=\"https:\/\/kyushomallorca.com\/index.php\/pertenecemos\/\" \/>\n<meta property=\"og:locale\" content=\"es_ES\" \/>\n<meta property=\"og:type\" content=\"article\" \/>\n<meta property=\"og:title\" content=\"Pertenecemos | DOJO KOBUKAN\" \/>\n<meta property=\"og:description\" content=\"Somos una disciplina independiente: Como disciplina est\u00e1 reconocida como Especialidad Deportiva, de igual manera que el Judo, Jiu-Jitsu, Defensa personal, Kendo, Wu-Shu por la Federaci\u00f3n Espa\u00f1ola de Judo y DA, teniendo su propio sistema de cinturones y programa. http:\/\/www.rfejudo.com\/ https:\/\/www.rfejudo.com\/category\/deportes-asociados\/aikido\/ &#8212;&#8212;&#8212;&#8212;&#8212;&#8212;&#8212;&#8212;&#8212;&#8212;&#8212;&#8212;&#8212;&#8212;&#8212;&#8212;&#8212;&#8212;&#8212;&#8212;&#8212;&#8212;&#8212;&#8212;&#8212;&#8212;&#8212;&#8212;&#8212;&#8212;&#8212;&#8212;&#8212;&#8212;&#8212;&#8212;&#8212; Estamos entre los clubes de Aikido de la Federaci\u00f3 Balear de Judo i EE.AA,:&hellip;&nbsp;Leer m\u00e1s &raquo;Pertenecemos\" \/>\n<meta property=\"og:url\" content=\"https:\/\/kyushomallorca.com\/index.php\/pertenecemos\/\" \/>\n<meta property=\"og:site_name\" content=\"DOJO KOBUKAN\" \/>\n<meta property=\"article:publisher\" content=\"https:\/\/www.facebook.com\/pedro.ferrari.5817\" \/>\n<meta property=\"article:modified_time\" content=\"2025-02-17T12:16:18+00:00\" \/>\n<meta property=\"og:image\" content=\"https:\/\/rfejudo.com\/wp-content\/uploads\/FDJLOGOFINALAIKIDO.png\" \/>\n<meta name=\"twitter:card\" content=\"summary_large_image\" \/>\n<script type=\"application\/ld+json\" class=\"yoast-schema-graph\">{\"@context\":\"https:\\\/\\\/schema.org\",\"@graph\":[{\"@type\":\"WebPage\",\"@id\":\"https:\\\/\\\/kyushomallorca.com\\\/index.php\\\/pertenecemos\\\/\",\"url\":\"https:\\\/\\\/kyushomallorca.com\\\/index.php\\\/pertenecemos\\\/\",\"name\":\"Pertenecemos | DOJO KOBUKAN\",\"isPartOf\":{\"@id\":\"https:\\\/\\\/kyushomallorca.com\\\/#website\"},\"primaryImageOfPage\":{\"@id\":\"https:\\\/\\\/kyushomallorca.com\\\/index.php\\\/pertenecemos\\\/#primaryimage\"},\"image\":{\"@id\":\"https:\\\/\\\/kyushomallorca.com\\\/index.php\\\/pertenecemos\\\/#primaryimage\"},\"thumbnailUrl\":\"https:\\\/\\\/rfejudo.com\\\/wp-content\\\/uploads\\\/FDJLOGOFINALAIKIDO.png\",\"datePublished\":\"2021-12-27T17:06:50+00:00\",\"dateModified\":\"2025-02-17T12:16:18+00:00\",\"breadcrumb\":{\"@id\":\"https:\\\/\\\/kyushomallorca.com\\\/index.php\\\/pertenecemos\\\/#breadcrumb\"},\"inLanguage\":\"es\",\"potentialAction\":[{\"@type\":\"ReadAction\",\"target\":[\"https:\\\/\\\/kyushomallorca.com\\\/index.php\\\/pertenecemos\\\/\"]}]},{\"@type\":\"ImageObject\",\"inLanguage\":\"es\",\"@id\":\"https:\\\/\\\/kyushomallorca.com\\\/index.php\\\/pertenecemos\\\/#primaryimage\",\"url\":\"https:\\\/\\\/rfejudo.com\\\/wp-content\\\/uploads\\\/FDJLOGOFINALAIKIDO.png\",\"contentUrl\":\"https:\\\/\\\/rfejudo.com\\\/wp-content\\\/uploads\\\/FDJLOGOFINALAIKIDO.png\"},{\"@type\":\"BreadcrumbList\",\"@id\":\"https:\\\/\\\/kyushomallorca.com\\\/index.php\\\/pertenecemos\\\/#breadcrumb\",\"itemListElement\":[{\"@type\":\"ListItem\",\"position\":1,\"name\":\"Inicio\",\"item\":\"https:\\\/\\\/kyushomallorca.com\\\/\"},{\"@type\":\"ListItem\",\"position\":2,\"name\":\"Pertenecemos\"}]},{\"@type\":\"WebSite\",\"@id\":\"https:\\\/\\\/kyushomallorca.com\\\/#website\",\"url\":\"https:\\\/\\\/kyushomallorca.com\\\/\",\"name\":\"DOJO KOBUKAN\",\"description\":\"\",\"publisher\":{\"@id\":\"https:\\\/\\\/kyushomallorca.com\\\/#organization\"},\"potentialAction\":[{\"@type\":\"SearchAction\",\"target\":{\"@type\":\"EntryPoint\",\"urlTemplate\":\"https:\\\/\\\/kyushomallorca.com\\\/?s={search_term_string}\"},\"query-input\":{\"@type\":\"PropertyValueSpecification\",\"valueRequired\":true,\"valueName\":\"search_term_string\"}}],\"inLanguage\":\"es\"},{\"@type\":\"Organization\",\"@id\":\"https:\\\/\\\/kyushomallorca.com\\\/#organization\",\"name\":\"DOJO KOBUKAN\",\"url\":\"https:\\\/\\\/kyushomallorca.com\\\/\",\"logo\":{\"@type\":\"ImageObject\",\"inLanguage\":\"es\",\"@id\":\"https:\\\/\\\/kyushomallorca.com\\\/#\\\/schema\\\/logo\\\/image\\\/\",\"url\":\"https:\\\/\\\/kyushomallorca.com\\\/wp-content\\\/uploads\\\/2020\\\/03\\\/LogoFILEminimizer.png\",\"contentUrl\":\"https:\\\/\\\/kyushomallorca.com\\\/wp-content\\\/uploads\\\/2020\\\/03\\\/LogoFILEminimizer.png\",\"width\":728,\"height\":726,\"caption\":\"DOJO KOBUKAN\"},\"image\":{\"@id\":\"https:\\\/\\\/kyushomallorca.com\\\/#\\\/schema\\\/logo\\\/image\\\/\"},\"sameAs\":[\"https:\\\/\\\/www.facebook.com\\\/pedro.ferrari.5817\",\"https:\\\/\\\/www.facebook.com\\\/profile.php?id=100083993152571\"]}]}<\/script>\n<!-- \/ Yoast SEO plugin. -->","yoast_head_json":{"title":"Pertenecemos | DOJO KOBUKAN","robots":{"index":"index","follow":"follow","max-snippet":"max-snippet:-1","max-image-preview":"max-image-preview:large","max-video-preview":"max-video-preview:-1"},"canonical":"https:\/\/kyushomallorca.com\/index.php\/pertenecemos\/","og_locale":"es_ES","og_type":"article","og_title":"Pertenecemos | DOJO KOBUKAN","og_description":"Somos una disciplina independiente: Como disciplina est\u00e1 reconocida como Especialidad Deportiva, de igual manera que el Judo, Jiu-Jitsu, Defensa personal, Kendo, Wu-Shu por la Federaci\u00f3n Espa\u00f1ola de Judo y DA, teniendo su propio sistema de cinturones y programa. http:\/\/www.rfejudo.com\/ https:\/\/www.rfejudo.com\/category\/deportes-asociados\/aikido\/ &#8212;&#8212;&#8212;&#8212;&#8212;&#8212;&#8212;&#8212;&#8212;&#8212;&#8212;&#8212;&#8212;&#8212;&#8212;&#8212;&#8212;&#8212;&#8212;&#8212;&#8212;&#8212;&#8212;&#8212;&#8212;&#8212;&#8212;&#8212;&#8212;&#8212;&#8212;&#8212;&#8212;&#8212;&#8212;&#8212;&#8212; Estamos entre los clubes de Aikido de la Federaci\u00f3 Balear de Judo i EE.AA,:&hellip;&nbsp;Leer m\u00e1s &raquo;Pertenecemos","og_url":"https:\/\/kyushomallorca.com\/index.php\/pertenecemos\/","og_site_name":"DOJO KOBUKAN","article_publisher":"https:\/\/www.facebook.com\/pedro.ferrari.5817","article_modified_time":"2025-02-17T12:16:18+00:00","og_image":[{"url":"https:\/\/rfejudo.com\/wp-content\/uploads\/FDJLOGOFINALAIKIDO.png","type":"","width":"","height":""}],"twitter_card":"summary_large_image","schema":{"@context":"https:\/\/schema.org","@graph":[{"@type":"WebPage","@id":"https:\/\/kyushomallorca.com\/index.php\/pertenecemos\/","url":"https:\/\/kyushomallorca.com\/index.php\/pertenecemos\/","name":"Pertenecemos | DOJO KOBUKAN","isPartOf":{"@id":"https:\/\/kyushomallorca.com\/#website"},"primaryImageOfPage":{"@id":"https:\/\/kyushomallorca.com\/index.php\/pertenecemos\/#primaryimage"},"image":{"@id":"https:\/\/kyushomallorca.com\/index.php\/pertenecemos\/#primaryimage"},"thumbnailUrl":"https:\/\/rfejudo.com\/wp-content\/uploads\/FDJLOGOFINALAIKIDO.png","datePublished":"2021-12-27T17:06:50+00:00","dateModified":"2025-02-17T12:16:18+00:00","breadcrumb":{"@id":"https:\/\/kyushomallorca.com\/index.php\/pertenecemos\/#breadcrumb"},"inLanguage":"es","potentialAction":[{"@type":"ReadAction","target":["https:\/\/kyushomallorca.com\/index.php\/pertenecemos\/"]}]},{"@type":"ImageObject","inLanguage":"es","@id":"https:\/\/kyushomallorca.com\/index.php\/pertenecemos\/#primaryimage","url":"https:\/\/rfejudo.com\/wp-content\/uploads\/FDJLOGOFINALAIKIDO.png","contentUrl":"https:\/\/rfejudo.com\/wp-content\/uploads\/FDJLOGOFINALAIKIDO.png"},{"@type":"BreadcrumbList","@id":"https:\/\/kyushomallorca.com\/index.php\/pertenecemos\/#breadcrumb","itemListElement":[{"@type":"ListItem","position":1,"name":"Inicio","item":"https:\/\/kyushomallorca.com\/"},{"@type":"ListItem","position":2,"name":"Pertenecemos"}]},{"@type":"WebSite","@id":"https:\/\/kyushomallorca.com\/#website","url":"https:\/\/kyushomallorca.com\/","name":"DOJO KOBUKAN","description":"","publisher":{"@id":"https:\/\/kyushomallorca.com\/#organization"},"potentialAction":[{"@type":"SearchAction","target":{"@type":"EntryPoint","urlTemplate":"https:\/\/kyushomallorca.com\/?s={search_term_string}"},"query-input":{"@type":"PropertyValueSpecification","valueRequired":true,"valueName":"search_term_string"}}],"inLanguage":"es"},{"@type":"Organization","@id":"https:\/\/kyushomallorca.com\/#organization","name":"DOJO KOBUKAN","url":"https:\/\/kyushomallorca.com\/","logo":{"@type":"ImageObject","inLanguage":"es","@id":"https:\/\/kyushomallorca.com\/#\/schema\/logo\/image\/","url":"https:\/\/kyushomallorca.com\/wp-content\/uploads\/2020\/03\/LogoFILEminimizer.png","contentUrl":"https:\/\/kyushomallorca.com\/wp-content\/uploads\/2020\/03\/LogoFILEminimizer.png","width":728,"height":726,"caption":"DOJO KOBUKAN"},"image":{"@id":"https:\/\/kyushomallorca.com\/#\/schema\/logo\/image\/"},"sameAs":["https:\/\/www.facebook.com\/pedro.ferrari.5817","https:\/\/www.facebook.com\/profile.php?id=100083993152571"]}]}},"_links":{"self":[{"href":"https:\/\/kyushomallorca.com\/index.php\/wp-json\/wp\/v2\/pages\/1517","targetHints":{"allow":["GET"]}}],"collection":[{"href":"https:\/\/kyushomallorca.com\/index.php\/wp-json\/wp\/v2\/pages"}],"about":[{"href":"https:\/\/kyushomallorca.com\/index.php\/wp-json\/wp\/v2\/types\/page"}],"author":[{"embeddable":true,"href":"https:\/\/kyushomallorca.com\/index.php\/wp-json\/wp\/v2\/users\/1"}],"replies":[{"embeddable":true,"href":"https:\/\/kyushomallorca.com\/index.php\/wp-json\/wp\/v2\/comments?post=1517"}],"version-history":[{"count":25,"href":"https:\/\/kyushomallorca.com\/index.php\/wp-json\/wp\/v2\/pages\/1517\/revisions"}],"predecessor-version":[{"id":2226,"href":"https:\/\/kyushomallorca.com\/index.php\/wp-json\/wp\/v2\/pages\/1517\/revisions\/2226"}],"wp:attachment":[{"href":"https:\/\/kyushomallorca.com\/index.php\/wp-json\/wp\/v2\/media?parent=1517"}],"curies":[{"name":"wp","href":"https:\/\/api.w.org\/{rel}","templated":true}]}}