{"id":1755,"date":"2022-08-05T12:41:39","date_gmt":"2022-08-05T10:41:39","guid":{"rendered":"https:\/\/kyushomallorca.com\/?page_id=1755"},"modified":"2025-12-21T20:26:23","modified_gmt":"2025-12-21T19:26:23","slug":"maestros","status":"publish","type":"page","link":"https:\/\/kyushomallorca.com\/index.php\/maestros\/","title":{"rendered":"Maestros"},"content":{"rendered":"\t\t<div data-elementor-type=\"wp-page\" data-elementor-id=\"1755\" class=\"elementor elementor-1755\">\n\t\t\t\t\t\t<section class=\"elementor-section elementor-top-section elementor-element elementor-element-8b46d17 elementor-section-full_width elementor-section-height-default elementor-section-height-default\" data-id=\"8b46d17\" data-element_type=\"section\">\n\t\t\t\t\t\t<div class=\"elementor-container elementor-column-gap-default\">\n\t\t\t\t\t<div class=\"elementor-column elementor-col-100 elementor-top-column elementor-element elementor-element-ed5b4ae\" data-id=\"ed5b4ae\" data-element_type=\"column\">\n\t\t\t<div class=\"elementor-widget-wrap elementor-element-populated\">\n\t\t\t\t\t\t<div class=\"elementor-element elementor-element-5ea98c7 elementor-widget elementor-widget-heading\" data-id=\"5ea98c7\" data-element_type=\"widget\" data-widget_type=\"heading.default\">\n\t\t\t\t<div class=\"elementor-widget-container\">\n\t\t\t\t\t<h2 class=\"elementor-heading-title elementor-size-default\">Nuestros maestros del Dojo:<\/h2>\t\t\t\t<\/div>\n\t\t\t\t<\/div>\n\t\t\t\t<div class=\"elementor-element elementor-element-e86a283 elementor-widget elementor-widget-heading\" data-id=\"e86a283\" data-element_type=\"widget\" data-widget_type=\"heading.default\">\n\t\t\t\t<div class=\"elementor-widget-container\">\n\t\t\t\t\t<h2 class=\"elementor-heading-title elementor-size-default\"><i><b>Pedro Ferrer Garc\u00eda<\/b><\/i><\/h2>\t\t\t\t<\/div>\n\t\t\t\t<\/div>\n\t\t\t\t<div class=\"elementor-element elementor-element-20e259c elementor-widget elementor-widget-text-editor\" data-id=\"20e259c\" data-element_type=\"widget\" data-widget_type=\"text-editor.default\">\n\t\t\t\t<div class=\"elementor-widget-container\">\n\t\t\t\t\t\t\t\t\t<p><\/p>\n<p><img fetchpriority=\"high\" decoding=\"async\" class=\"alignleft\" src=\"https:\/\/kyushomallorca.com\/wp-content\/uploads\/2022\/08\/Pedro-300x267.jpg\" alt=\"\" width=\"300\" height=\"267\"><\/p>\n<ul>\n<li><span style=\"font-family: var( --e-global-typography-text-font-family ), Sans-serif; font-weight: var( --e-global-typography-text-font-weight );\">Cintur\u00f3n negro 4\u00ba Dan de Aikido por la Federaci\u00f3n Espa\u00f1ola de Judo y D.A.<\/span><\/li>\n<li><span style=\"font-family: var( --e-global-typography-text-font-family ), Sans-serif; font-weight: var( --e-global-typography-text-font-weight );\">Cintur\u00f3n negro 4\u00ba Dan de Aikido por la Federaci\u00f3n internacional AIKIKAI.<\/span><\/li>\n<li><span style=\"font-family: var( --e-global-typography-text-font-family ), Sans-serif; font-weight: var( --e-global-typography-text-font-weight );\">Maestro Nacional de Aikido por la Federaci\u00f3n Espa\u00f1ola de Judo y D.A.<\/span><\/li>\n<li><span style=\"font-family: var( --e-global-typography-text-font-family ), Sans-serif; font-weight: var( --e-global-typography-text-font-weight );\">Cintur\u00f3n negro 4\u00ba Dan Defensa personal por la Federaci\u00f3n Espa\u00f1ola de Judo y D.A.<\/span><\/li>\n<li><span style=\"font-family: var( --e-global-typography-text-font-family ), Sans-serif; font-weight: var( --e-global-typography-text-font-weight );\">Maestro Nacional de Defensa Personal por la Federaci\u00f3n Espa\u00f1ola de Judo y D.A.<\/span><\/li>\n<li><span style=\"font-family: var( --e-global-typography-text-font-family ), Sans-serif; font-weight: var( --e-global-typography-text-font-weight );\">Maestro Especialista en Defensa Personal para la Mujer por la Federaci\u00f3n Espa\u00f1ola de Judo y D.A.<\/span><\/li>\n<li><span style=\"font-size: 24px;\">Maestro Especialista en Defensa Personal Operativa por la Federaci\u00f3n Espa\u00f1ola de Judo y D.A.<\/span><\/li>\n<li><span style=\"font-family: var( --e-global-typography-text-font-family ), Sans-serif; font-weight: var( --e-global-typography-text-font-weight );\">Cintur\u00f3n negro 1\u00ba Dan de Jiu Jitsu por la Federaci\u00f3n Espa\u00f1ola de Judo y D.A.&nbsp;<\/span><\/li>\n<li><span style=\"font-family: var( --e-global-typography-text-font-family ), Sans-serif; font-weight: var( --e-global-typography-text-font-weight );\">Monitor instructor de Jiu Jitsu por la Federaci\u00f3n Espa\u00f1ola de Judo y D.A.<\/span><\/li>\n<li><span style=\"font-family: var( --e-global-typography-text-font-family ), Sans-serif; font-weight: var( --e-global-typography-text-font-weight );\">Cintur\u00f3n negro 1\u00ba Dan de Kyusho por la Federaci\u00f3n Espa\u00f1ola de Luchas Ol\u00edmpicas y D.A.<\/span><\/li>\n<li><span style=\"font-family: var( --e-global-typography-text-font-family ), Sans-serif; font-weight: var( --e-global-typography-text-font-weight );\">Cintur\u00f3n negro 1\u00ba Dan de Kyusho por la Dillman K\u00e1rate Internacional.<\/span><\/li>\n<li><span style=\"font-family: var( --e-global-typography-text-font-family ), Sans-serif; font-weight: var( --e-global-typography-text-font-weight );\">Monitor Nacional Nivel 1 SDP Kyusho por la Federaci\u00f3n Espa\u00f1ola de Luchas Ol\u00edmpicas&nbsp; y D.A.<\/span><\/li>\n<li><span style=\"font-family: var( --e-global-typography-text-font-family ), Sans-serif; font-weight: var( --e-global-typography-text-font-weight );\">Cintur\u00f3n negro 1\u00ba Dan de Taekwondo por la Federaci\u00f3n Espa\u00f1ola de Taekwondo.<\/span><span style=\"font-family: var( --e-global-typography-text-font-family ), Sans-serif; font-weight: var( --e-global-typography-text-font-weight );\">&nbsp;&nbsp;<\/span><\/li>\n<li>Cintur\u00f3n negro 2\u00ba Dan Chambara por la International Sports Chanbara Association.&nbsp;<\/li>\n<li><span style=\"font-family: var( --e-global-typography-text-font-family ), Sans-serif; font-weight: var( --e-global-typography-text-font-weight );\">Cintur\u00f3n negro 1\u00ba Dan de Karate por la Federaci\u00f3n Espa\u00f1ola de Karate y D.A.&nbsp;<\/span><\/li>\n<\/ul>\t\t\t\t\t\t\t\t<\/div>\n\t\t\t\t<\/div>\n\t\t\t\t<div class=\"elementor-element elementor-element-0a18b98 elementor-widget elementor-widget-heading\" data-id=\"0a18b98\" data-element_type=\"widget\" data-widget_type=\"heading.default\">\n\t\t\t\t<div class=\"elementor-widget-container\">\n\t\t\t\t\t<h2 class=\"elementor-heading-title elementor-size-default\"><i>Pere Jaume Ferrer Oliva<\/i><\/h2>\t\t\t\t<\/div>\n\t\t\t\t<\/div>\n\t\t\t\t<div class=\"elementor-element elementor-element-efd56ae elementor-widget elementor-widget-text-editor\" data-id=\"efd56ae\" data-element_type=\"widget\" data-widget_type=\"text-editor.default\">\n\t\t\t\t<div class=\"elementor-widget-container\">\n\t\t\t\t\t\t\t\t\t<p><img decoding=\"async\" class=\"alignleft\" src=\"https:\/\/kyushomallorca.com\/wp-content\/uploads\/2022\/08\/imagen_2022-08-05_123724214-300x268.png\" alt=\"\" width=\"300\" height=\"268\" \/><\/p><p>&#8211; Cintur\u00f3n negro 2\u00ba Dan de Aikido por la Federaci\u00f3n Espa\u00f1ola de Judo y D.A.<\/p><p><span style=\"font-family: var( --e-global-typography-text-font-family ), Sans-serif; font-weight: var( --e-global-typography-text-font-weight );\">&#8211; Entrenador Regional de Aikido por la Federaci\u00f3n Espa\u00f1ola de Judo y D.A.<\/span><\/p><p><span style=\"font-family: var( --e-global-typography-text-font-family ), Sans-serif; font-weight: var( --e-global-typography-text-font-weight );\">&#8211; Cintur\u00f3n negro 2\u00ba Dan de Defensa Personal por la Federaci\u00f3n Espa\u00f1ola de Judo y D.A.<\/span><\/p><p><span style=\"font-family: var( --e-global-typography-text-font-family ), Sans-serif; font-weight: var( --e-global-typography-text-font-weight );\">&#8211; Entrenador regional de Defensa Personal por la Federaci\u00f3n Espa\u00f1ola de Judo y D.A.<\/span><\/p><p><span style=\"font-size: 24px;\">&#8211; Cintur\u00f3n negro 1\u00ba Dan de Kyusho por la Federaci\u00f3n Espa\u00f1ola de Luchas Ol\u00edmpicas y D.A.<\/span><\/p>\t\t\t\t\t\t\t\t<\/div>\n\t\t\t\t<\/div>\n\t\t\t\t<div class=\"elementor-element elementor-element-939b7b3 elementor-widget elementor-widget-heading\" data-id=\"939b7b3\" data-element_type=\"widget\" data-widget_type=\"heading.default\">\n\t\t\t\t<div class=\"elementor-widget-container\">\n\t\t\t\t\t<h2 class=\"elementor-heading-title elementor-size-default\"><i>Jos\u00e9 Mart\u00ednez Banaque<\/i><\/h2>\t\t\t\t<\/div>\n\t\t\t\t<\/div>\n\t\t\t\t<div class=\"elementor-element elementor-element-f452a83 elementor-widget elementor-widget-text-editor\" data-id=\"f452a83\" data-element_type=\"widget\" data-widget_type=\"text-editor.default\">\n\t\t\t\t<div class=\"elementor-widget-container\">\n\t\t\t\t\t\t\t\t\t<p style=\"padding-left: 40px;\"><img decoding=\"async\" class=\"size-medium wp-image-1874 alignleft\" src=\"https:\/\/kyushomallorca.com\/wp-content\/uploads\/2022\/09\/WhatsApp-Image-2022-09-30-at-08.58.37-225x300.jpeg\" alt=\"\" width=\"225\" height=\"300\" srcset=\"https:\/\/kyushomallorca.com\/wp-content\/uploads\/2022\/09\/WhatsApp-Image-2022-09-30-at-08.58.37-225x300.jpeg 225w, https:\/\/kyushomallorca.com\/wp-content\/uploads\/2022\/09\/WhatsApp-Image-2022-09-30-at-08.58.37-768x1024.jpeg 768w, https:\/\/kyushomallorca.com\/wp-content\/uploads\/2022\/09\/WhatsApp-Image-2022-09-30-at-08.58.37-1152x1536.jpeg 1152w, https:\/\/kyushomallorca.com\/wp-content\/uploads\/2022\/09\/WhatsApp-Image-2022-09-30-at-08.58.37.jpeg 1200w\" sizes=\"(max-width: 225px) 100vw, 225px\" \/>&#8211; 5\u00b0 Dan karate shotokan de la FEKYDA.\u00a0<\/p><p style=\"padding-left: 40px;\">&#8211; Entrenador nacional.\u00a0<\/p><p style=\"padding-left: 40px;\">&#8211;\u00a0 Juez nacional Tribunal de grados.\u00a0<\/p><p style=\"padding-left: 40px;\">&#8211; \u00c1rbitro nacional de kumite y katas.<\/p><p style=\"padding-left: 40px;\">&#8211; Maestro en cultura f\u00edsica<\/p><div><span style=\"font-family: var( --e-global-typography-text-font-family ), Sans-serif; font-weight: var( --e-global-typography-text-font-weight );\"> &#8211; 1\u00ba Dan Goshin de la FEKYDA.<\/span><\/div><div><span style=\"font-family: var( --e-global-typography-text-font-family ), Sans-serif; font-weight: var( --e-global-typography-text-font-weight );\">\u00a0<\/span><\/div>\t\t\t\t\t\t\t\t<\/div>\n\t\t\t\t<\/div>\n\t\t\t\t<div class=\"elementor-element elementor-element-9deda37 elementor-widget elementor-widget-heading\" data-id=\"9deda37\" data-element_type=\"widget\" data-widget_type=\"heading.default\">\n\t\t\t\t<div class=\"elementor-widget-container\">\n\t\t\t\t\t<h2 class=\"elementor-heading-title elementor-size-default\"><i>Mar\u00eda del Carmen Quintero Gallardo<\/i><\/h2>\t\t\t\t<\/div>\n\t\t\t\t<\/div>\n\t\t\t\t<div class=\"elementor-element elementor-element-6a61101 elementor-widget elementor-widget-text-editor\" data-id=\"6a61101\" data-element_type=\"widget\" data-widget_type=\"text-editor.default\">\n\t\t\t\t<div class=\"elementor-widget-container\">\n\t\t\t\t\t\t\t\t\t<p style=\"padding-left: 40px;\"><img loading=\"lazy\" decoding=\"async\" class=\"alignleft\" src=\"https:\/\/kyushomallorca.com\/wp-content\/uploads\/2025\/01\/Foto-Carmen-300x297.jpg\" alt=\"\" width=\"224\" height=\"222\" \/>&#8211; Certificaci\u00f3n Internacional de Pilates Suelo por Lifestudio Helth Company.<\/p><p style=\"padding-left: 40px;\">&#8211; Instructora de Yoga.<\/p><p style=\"padding-left: 40px;\">&#8211;\u00a0\u00a0Certificaci\u00f3n Internacional de Fitness y Entrenamiento Personal por Lifestudio Helth Company.<\/p><p style=\"padding-left: 40px;\">&#8211; Certificado Desprogramaci\u00f3n Biol\u00f3gica por Instituto Gaia.<\/p><p style=\"padding-left: 40px;\">&#8211; T\u00e9cnico experto en Nutrici\u00f3n Deportiva por Instituto Dyn.<\/p><p style=\"padding-left: 40px;\">&#8211; Master Experto en Coaching Nutricional por Instituto Dyn.<\/p><p style=\"padding-left: 40px;\">&#8211; Certificado Masaje Deportivo por Escuela de T\u00e9cnicas Naturales Estena.<\/p><p style=\"padding-left: 40px;\">&#8211; Certificado en Masaje Tok-Send por Instituto Tailand\u00e9s.<\/p><div><span style=\"font-family: var( --e-global-typography-text-font-family ), Sans-serif; font-weight: var( --e-global-typography-text-font-weight );\">\u00a0<\/span><\/div>\t\t\t\t\t\t\t\t<\/div>\n\t\t\t\t<\/div>\n\t\t\t\t\t<\/div>\n\t\t<\/div>\n\t\t\t\t\t<\/div>\n\t\t<\/section>\n\t\t\t\t<\/div>\n\t\t","protected":false},"excerpt":{"rendered":"<p>Nuestros maestros del Dojo: Pedro Ferrer Garc\u00eda Cintur\u00f3n negro 4\u00ba Dan de Aikido por la Federaci\u00f3n Espa\u00f1ola de Judo y D.A. Cintur\u00f3n negro 4\u00ba Dan de Aikido por la Federaci\u00f3n internacional AIKIKAI. Maestro Nacional de Aikido por la Federaci\u00f3n Espa\u00f1ola de Judo y D.A. Cintur\u00f3n negro 4\u00ba Dan Defensa personal por la Federaci\u00f3n Espa\u00f1ola de&hellip;&nbsp;<a href=\"https:\/\/kyushomallorca.com\/index.php\/maestros\/\" class=\"\" rel=\"bookmark\">Leer m\u00e1s &raquo;<span class=\"screen-reader-text\">Maestros<\/span><\/a><\/p>\n","protected":false},"author":1,"featured_media":0,"parent":0,"menu_order":0,"comment_status":"closed","ping_status":"closed","template":"page-templates\/template-pagebuilder-full-width.php","meta":{"_monsterinsights_skip_tracking":false,"_monsterinsights_sitenote_active":false,"_monsterinsights_sitenote_note":"","_monsterinsights_sitenote_category":0,"footnotes":""},"class_list":["post-1755","page","type-page","status-publish","hentry"],"yoast_head":"<!-- This site is optimized with the Yoast SEO plugin v27.5 - https:\/\/yoast.com\/product\/yoast-seo-wordpress\/ -->\n<title>Maestros | DOJO KOBUKAN<\/title>\n<meta name=\"robots\" content=\"index, follow, max-snippet:-1, max-image-preview:large, max-video-preview:-1\" \/>\n<link rel=\"canonical\" href=\"https:\/\/kyushomallorca.com\/index.php\/maestros\/\" \/>\n<meta property=\"og:locale\" content=\"es_ES\" \/>\n<meta property=\"og:type\" content=\"article\" \/>\n<meta property=\"og:title\" content=\"Maestros | DOJO KOBUKAN\" \/>\n<meta property=\"og:description\" content=\"Nuestros maestros del Dojo: Pedro Ferrer Garc\u00eda Cintur\u00f3n negro 4\u00ba Dan de Aikido por la Federaci\u00f3n Espa\u00f1ola de Judo y D.A. Cintur\u00f3n negro 4\u00ba Dan de Aikido por la Federaci\u00f3n internacional AIKIKAI. Maestro Nacional de Aikido por la Federaci\u00f3n Espa\u00f1ola de Judo y D.A. Cintur\u00f3n negro 4\u00ba Dan Defensa personal por la Federaci\u00f3n Espa\u00f1ola de&hellip;&nbsp;Leer m\u00e1s &raquo;Maestros\" \/>\n<meta property=\"og:url\" content=\"https:\/\/kyushomallorca.com\/index.php\/maestros\/\" \/>\n<meta property=\"og:site_name\" content=\"DOJO KOBUKAN\" \/>\n<meta property=\"article:publisher\" content=\"https:\/\/www.facebook.com\/pedro.ferrari.5817\" \/>\n<meta property=\"article:modified_time\" content=\"2025-12-21T19:26:23+00:00\" \/>\n<meta property=\"og:image\" content=\"https:\/\/kyushomallorca.com\/wp-content\/uploads\/2022\/08\/Pedro-300x267.jpg\" \/>\n<meta name=\"twitter:card\" content=\"summary_large_image\" \/>\n<script type=\"application\/ld+json\" class=\"yoast-schema-graph\">{\"@context\":\"https:\\\/\\\/schema.org\",\"@graph\":[{\"@type\":\"WebPage\",\"@id\":\"https:\\\/\\\/kyushomallorca.com\\\/index.php\\\/maestros\\\/\",\"url\":\"https:\\\/\\\/kyushomallorca.com\\\/index.php\\\/maestros\\\/\",\"name\":\"Maestros | DOJO KOBUKAN\",\"isPartOf\":{\"@id\":\"https:\\\/\\\/kyushomallorca.com\\\/#website\"},\"primaryImageOfPage\":{\"@id\":\"https:\\\/\\\/kyushomallorca.com\\\/index.php\\\/maestros\\\/#primaryimage\"},\"image\":{\"@id\":\"https:\\\/\\\/kyushomallorca.com\\\/index.php\\\/maestros\\\/#primaryimage\"},\"thumbnailUrl\":\"https:\\\/\\\/kyushomallorca.com\\\/wp-content\\\/uploads\\\/2022\\\/08\\\/Pedro-300x267.jpg\",\"datePublished\":\"2022-08-05T10:41:39+00:00\",\"dateModified\":\"2025-12-21T19:26:23+00:00\",\"breadcrumb\":{\"@id\":\"https:\\\/\\\/kyushomallorca.com\\\/index.php\\\/maestros\\\/#breadcrumb\"},\"inLanguage\":\"es\",\"potentialAction\":[{\"@type\":\"ReadAction\",\"target\":[\"https:\\\/\\\/kyushomallorca.com\\\/index.php\\\/maestros\\\/\"]}]},{\"@type\":\"ImageObject\",\"inLanguage\":\"es\",\"@id\":\"https:\\\/\\\/kyushomallorca.com\\\/index.php\\\/maestros\\\/#primaryimage\",\"url\":\"https:\\\/\\\/kyushomallorca.com\\\/wp-content\\\/uploads\\\/2022\\\/08\\\/Pedro.jpg\",\"contentUrl\":\"https:\\\/\\\/kyushomallorca.com\\\/wp-content\\\/uploads\\\/2022\\\/08\\\/Pedro.jpg\",\"width\":313,\"height\":279},{\"@type\":\"BreadcrumbList\",\"@id\":\"https:\\\/\\\/kyushomallorca.com\\\/index.php\\\/maestros\\\/#breadcrumb\",\"itemListElement\":[{\"@type\":\"ListItem\",\"position\":1,\"name\":\"Inicio\",\"item\":\"https:\\\/\\\/kyushomallorca.com\\\/\"},{\"@type\":\"ListItem\",\"position\":2,\"name\":\"Maestros\"}]},{\"@type\":\"WebSite\",\"@id\":\"https:\\\/\\\/kyushomallorca.com\\\/#website\",\"url\":\"https:\\\/\\\/kyushomallorca.com\\\/\",\"name\":\"DOJO KOBUKAN\",\"description\":\"\",\"publisher\":{\"@id\":\"https:\\\/\\\/kyushomallorca.com\\\/#organization\"},\"potentialAction\":[{\"@type\":\"SearchAction\",\"target\":{\"@type\":\"EntryPoint\",\"urlTemplate\":\"https:\\\/\\\/kyushomallorca.com\\\/?s={search_term_string}\"},\"query-input\":{\"@type\":\"PropertyValueSpecification\",\"valueRequired\":true,\"valueName\":\"search_term_string\"}}],\"inLanguage\":\"es\"},{\"@type\":\"Organization\",\"@id\":\"https:\\\/\\\/kyushomallorca.com\\\/#organization\",\"name\":\"DOJO KOBUKAN\",\"url\":\"https:\\\/\\\/kyushomallorca.com\\\/\",\"logo\":{\"@type\":\"ImageObject\",\"inLanguage\":\"es\",\"@id\":\"https:\\\/\\\/kyushomallorca.com\\\/#\\\/schema\\\/logo\\\/image\\\/\",\"url\":\"https:\\\/\\\/kyushomallorca.com\\\/wp-content\\\/uploads\\\/2020\\\/03\\\/LogoFILEminimizer.png\",\"contentUrl\":\"https:\\\/\\\/kyushomallorca.com\\\/wp-content\\\/uploads\\\/2020\\\/03\\\/LogoFILEminimizer.png\",\"width\":728,\"height\":726,\"caption\":\"DOJO KOBUKAN\"},\"image\":{\"@id\":\"https:\\\/\\\/kyushomallorca.com\\\/#\\\/schema\\\/logo\\\/image\\\/\"},\"sameAs\":[\"https:\\\/\\\/www.facebook.com\\\/pedro.ferrari.5817\",\"https:\\\/\\\/www.facebook.com\\\/profile.php?id=100083993152571\"]}]}<\/script>\n<!-- \/ Yoast SEO plugin. -->","yoast_head_json":{"title":"Maestros | DOJO KOBUKAN","robots":{"index":"index","follow":"follow","max-snippet":"max-snippet:-1","max-image-preview":"max-image-preview:large","max-video-preview":"max-video-preview:-1"},"canonical":"https:\/\/kyushomallorca.com\/index.php\/maestros\/","og_locale":"es_ES","og_type":"article","og_title":"Maestros | DOJO KOBUKAN","og_description":"Nuestros maestros del Dojo: Pedro Ferrer Garc\u00eda Cintur\u00f3n negro 4\u00ba Dan de Aikido por la Federaci\u00f3n Espa\u00f1ola de Judo y D.A. Cintur\u00f3n negro 4\u00ba Dan de Aikido por la Federaci\u00f3n internacional AIKIKAI. Maestro Nacional de Aikido por la Federaci\u00f3n Espa\u00f1ola de Judo y D.A. Cintur\u00f3n negro 4\u00ba Dan Defensa personal por la Federaci\u00f3n Espa\u00f1ola de&hellip;&nbsp;Leer m\u00e1s &raquo;Maestros","og_url":"https:\/\/kyushomallorca.com\/index.php\/maestros\/","og_site_name":"DOJO KOBUKAN","article_publisher":"https:\/\/www.facebook.com\/pedro.ferrari.5817","article_modified_time":"2025-12-21T19:26:23+00:00","og_image":[{"url":"https:\/\/kyushomallorca.com\/wp-content\/uploads\/2022\/08\/Pedro-300x267.jpg","type":"","width":"","height":""}],"twitter_card":"summary_large_image","schema":{"@context":"https:\/\/schema.org","@graph":[{"@type":"WebPage","@id":"https:\/\/kyushomallorca.com\/index.php\/maestros\/","url":"https:\/\/kyushomallorca.com\/index.php\/maestros\/","name":"Maestros | DOJO KOBUKAN","isPartOf":{"@id":"https:\/\/kyushomallorca.com\/#website"},"primaryImageOfPage":{"@id":"https:\/\/kyushomallorca.com\/index.php\/maestros\/#primaryimage"},"image":{"@id":"https:\/\/kyushomallorca.com\/index.php\/maestros\/#primaryimage"},"thumbnailUrl":"https:\/\/kyushomallorca.com\/wp-content\/uploads\/2022\/08\/Pedro-300x267.jpg","datePublished":"2022-08-05T10:41:39+00:00","dateModified":"2025-12-21T19:26:23+00:00","breadcrumb":{"@id":"https:\/\/kyushomallorca.com\/index.php\/maestros\/#breadcrumb"},"inLanguage":"es","potentialAction":[{"@type":"ReadAction","target":["https:\/\/kyushomallorca.com\/index.php\/maestros\/"]}]},{"@type":"ImageObject","inLanguage":"es","@id":"https:\/\/kyushomallorca.com\/index.php\/maestros\/#primaryimage","url":"https:\/\/kyushomallorca.com\/wp-content\/uploads\/2022\/08\/Pedro.jpg","contentUrl":"https:\/\/kyushomallorca.com\/wp-content\/uploads\/2022\/08\/Pedro.jpg","width":313,"height":279},{"@type":"BreadcrumbList","@id":"https:\/\/kyushomallorca.com\/index.php\/maestros\/#breadcrumb","itemListElement":[{"@type":"ListItem","position":1,"name":"Inicio","item":"https:\/\/kyushomallorca.com\/"},{"@type":"ListItem","position":2,"name":"Maestros"}]},{"@type":"WebSite","@id":"https:\/\/kyushomallorca.com\/#website","url":"https:\/\/kyushomallorca.com\/","name":"DOJO KOBUKAN","description":"","publisher":{"@id":"https:\/\/kyushomallorca.com\/#organization"},"potentialAction":[{"@type":"SearchAction","target":{"@type":"EntryPoint","urlTemplate":"https:\/\/kyushomallorca.com\/?s={search_term_string}"},"query-input":{"@type":"PropertyValueSpecification","valueRequired":true,"valueName":"search_term_string"}}],"inLanguage":"es"},{"@type":"Organization","@id":"https:\/\/kyushomallorca.com\/#organization","name":"DOJO KOBUKAN","url":"https:\/\/kyushomallorca.com\/","logo":{"@type":"ImageObject","inLanguage":"es","@id":"https:\/\/kyushomallorca.com\/#\/schema\/logo\/image\/","url":"https:\/\/kyushomallorca.com\/wp-content\/uploads\/2020\/03\/LogoFILEminimizer.png","contentUrl":"https:\/\/kyushomallorca.com\/wp-content\/uploads\/2020\/03\/LogoFILEminimizer.png","width":728,"height":726,"caption":"DOJO KOBUKAN"},"image":{"@id":"https:\/\/kyushomallorca.com\/#\/schema\/logo\/image\/"},"sameAs":["https:\/\/www.facebook.com\/pedro.ferrari.5817","https:\/\/www.facebook.com\/profile.php?id=100083993152571"]}]}},"_links":{"self":[{"href":"https:\/\/kyushomallorca.com\/index.php\/wp-json\/wp\/v2\/pages\/1755","targetHints":{"allow":["GET"]}}],"collection":[{"href":"https:\/\/kyushomallorca.com\/index.php\/wp-json\/wp\/v2\/pages"}],"about":[{"href":"https:\/\/kyushomallorca.com\/index.php\/wp-json\/wp\/v2\/types\/page"}],"author":[{"embeddable":true,"href":"https:\/\/kyushomallorca.com\/index.php\/wp-json\/wp\/v2\/users\/1"}],"replies":[{"embeddable":true,"href":"https:\/\/kyushomallorca.com\/index.php\/wp-json\/wp\/v2\/comments?post=1755"}],"version-history":[{"count":124,"href":"https:\/\/kyushomallorca.com\/index.php\/wp-json\/wp\/v2\/pages\/1755\/revisions"}],"predecessor-version":[{"id":2287,"href":"https:\/\/kyushomallorca.com\/index.php\/wp-json\/wp\/v2\/pages\/1755\/revisions\/2287"}],"wp:attachment":[{"href":"https:\/\/kyushomallorca.com\/index.php\/wp-json\/wp\/v2\/media?parent=1755"}],"curies":[{"name":"wp","href":"https:\/\/api.w.org\/{rel}","templated":true}]}}