{"id":1823,"date":"2022-09-25T18:30:00","date_gmt":"2022-09-25T16:30:00","guid":{"rendered":"https:\/\/kyushomallorca.com\/?page_id=1823"},"modified":"2023-02-14T10:51:35","modified_gmt":"2023-02-14T09:51:35","slug":"eventos","status":"publish","type":"page","link":"https:\/\/kyushomallorca.com\/index.php\/eventos\/","title":{"rendered":"EVENTOS"},"content":{"rendered":"\t\t<div data-elementor-type=\"wp-page\" data-elementor-id=\"1823\" class=\"elementor elementor-1823\">\n\t\t\t\t\t\t<section class=\"elementor-section elementor-top-section elementor-element elementor-element-30c77ba elementor-section-boxed elementor-section-height-default elementor-section-height-default\" data-id=\"30c77ba\" data-element_type=\"section\">\n\t\t\t\t\t\t<div class=\"elementor-container elementor-column-gap-default\">\n\t\t\t\t\t<div class=\"elementor-column elementor-col-100 elementor-top-column elementor-element elementor-element-72f4161\" data-id=\"72f4161\" data-element_type=\"column\">\n\t\t\t<div class=\"elementor-widget-wrap elementor-element-populated\">\n\t\t\t\t\t\t<div class=\"elementor-element elementor-element-42dfb4d elementor-widget elementor-widget-heading\" data-id=\"42dfb4d\" data-element_type=\"widget\" data-widget_type=\"heading.default\">\n\t\t\t\t<div class=\"elementor-widget-container\">\n\t\t\t\t\t<h2 class=\"elementor-heading-title elementor-size-large\">18\/12\/2022 Participamos en el Festival infantil organizado por la Federaci\u00f3 Balear de Judo y EEAA siendo la primera vez que hab\u00eda una estaci\u00f3n dedicada a Defensa Personal Infantil en Espa\u00f1a.<\/h2>\t\t\t\t<\/div>\n\t\t\t\t<\/div>\n\t\t\t\t<div class=\"elementor-element elementor-element-3e184f7 elementor-widget elementor-widget-image\" data-id=\"3e184f7\" data-element_type=\"widget\" data-widget_type=\"image.default\">\n\t\t\t\t<div class=\"elementor-widget-container\">\n\t\t\t\t\t\t\t\t\t\t\t\t\t\t\t<img fetchpriority=\"high\" decoding=\"async\" width=\"1024\" height=\"623\" src=\"https:\/\/kyushomallorca.com\/wp-content\/uploads\/2023\/01\/imagen_2023-01-11_104537698-1024x623.png\" class=\"attachment-large size-large wp-image-1963\" alt=\"\" srcset=\"https:\/\/kyushomallorca.com\/wp-content\/uploads\/2023\/01\/imagen_2023-01-11_104537698-1024x623.png 1024w, https:\/\/kyushomallorca.com\/wp-content\/uploads\/2023\/01\/imagen_2023-01-11_104537698-300x182.png 300w, https:\/\/kyushomallorca.com\/wp-content\/uploads\/2023\/01\/imagen_2023-01-11_104537698-768x467.png 768w, https:\/\/kyushomallorca.com\/wp-content\/uploads\/2023\/01\/imagen_2023-01-11_104537698.png 1325w\" sizes=\"(max-width: 1024px) 100vw, 1024px\" \/>\t\t\t\t\t\t\t\t\t\t\t\t\t\t\t<\/div>\n\t\t\t\t<\/div>\n\t\t\t\t<div class=\"elementor-element elementor-element-6aacdab elementor-widget elementor-widget-heading\" data-id=\"6aacdab\" data-element_type=\"widget\" data-widget_type=\"heading.default\">\n\t\t\t\t<div class=\"elementor-widget-container\">\n\t\t\t\t\t<h2 class=\"elementor-heading-title elementor-size-large\">26\/11\/2022 Hemos acogido de nuevo el seminario de Defensa Personal de nuestra de nuestra Federaci\u00f3n.<\/h2>\t\t\t\t<\/div>\n\t\t\t\t<\/div>\n\t\t\t\t<div class=\"elementor-element elementor-element-2cd5830 elementor-widget elementor-widget-image\" data-id=\"2cd5830\" data-element_type=\"widget\" data-widget_type=\"image.default\">\n\t\t\t\t<div class=\"elementor-widget-container\">\n\t\t\t\t\t\t\t\t\t\t\t\t\t\t\t<img decoding=\"async\" width=\"1024\" height=\"596\" src=\"https:\/\/kyushomallorca.com\/wp-content\/uploads\/2023\/01\/Foto-DP-curso-el-26_11-1024x596.jpeg\" class=\"attachment-large size-large wp-image-1958\" alt=\"\" srcset=\"https:\/\/kyushomallorca.com\/wp-content\/uploads\/2023\/01\/Foto-DP-curso-el-26_11-1024x596.jpeg 1024w, https:\/\/kyushomallorca.com\/wp-content\/uploads\/2023\/01\/Foto-DP-curso-el-26_11-300x174.jpeg 300w, https:\/\/kyushomallorca.com\/wp-content\/uploads\/2023\/01\/Foto-DP-curso-el-26_11-768x447.jpeg 768w, https:\/\/kyushomallorca.com\/wp-content\/uploads\/2023\/01\/Foto-DP-curso-el-26_11.jpeg 1427w\" sizes=\"(max-width: 1024px) 100vw, 1024px\" \/>\t\t\t\t\t\t\t\t\t\t\t\t\t\t\t<\/div>\n\t\t\t\t<\/div>\n\t\t\t\t<div class=\"elementor-element elementor-element-b75a70e elementor-widget elementor-widget-heading\" data-id=\"b75a70e\" data-element_type=\"widget\" data-widget_type=\"heading.default\">\n\t\t\t\t<div class=\"elementor-widget-container\">\n\t\t\t\t\t<h2 class=\"elementor-heading-title elementor-size-large\">08\/10\/2022 Hemos acogido de nuevo el entrenamiento Federativo de Jiu Jitsu de nuestro Federaci\u00f3n.<\/h2>\t\t\t\t<\/div>\n\t\t\t\t<\/div>\n\t\t\t\t<div class=\"elementor-element elementor-element-c275e5b elementor-widget elementor-widget-image\" data-id=\"c275e5b\" data-element_type=\"widget\" data-widget_type=\"image.default\">\n\t\t\t\t<div class=\"elementor-widget-container\">\n\t\t\t\t\t\t\t\t\t\t\t\t\t\t\t<img decoding=\"async\" width=\"787\" height=\"591\" src=\"https:\/\/kyushomallorca.com\/wp-content\/uploads\/2022\/10\/imagen_2022-10-10_094415153.png\" class=\"attachment-large size-large wp-image-1915\" alt=\"\" srcset=\"https:\/\/kyushomallorca.com\/wp-content\/uploads\/2022\/10\/imagen_2022-10-10_094415153.png 787w, https:\/\/kyushomallorca.com\/wp-content\/uploads\/2022\/10\/imagen_2022-10-10_094415153-300x225.png 300w, https:\/\/kyushomallorca.com\/wp-content\/uploads\/2022\/10\/imagen_2022-10-10_094415153-768x577.png 768w\" sizes=\"(max-width: 787px) 100vw, 787px\" \/>\t\t\t\t\t\t\t\t\t\t\t\t\t\t\t<\/div>\n\t\t\t\t<\/div>\n\t\t\t\t<div class=\"elementor-element elementor-element-fddb243 elementor-widget elementor-widget-heading\" data-id=\"fddb243\" data-element_type=\"widget\" data-widget_type=\"heading.default\">\n\t\t\t\t<div class=\"elementor-widget-container\">\n\t\t\t\t\t<h2 class=\"elementor-heading-title elementor-size-large\">02\/10\/2022 Un placer volver a compartir Seminario de Kyusho de AEKJ en Barcelona, con mi hijo Pere y con nuestro amigo Miquel, que se nos fu\u00e9 a estudiar a Castelldefels.<\/h2>\t\t\t\t<\/div>\n\t\t\t\t<\/div>\n\t\t\t\t<div class=\"elementor-element elementor-element-f65ffd2 elementor-widget elementor-widget-image\" data-id=\"f65ffd2\" data-element_type=\"widget\" data-widget_type=\"image.default\">\n\t\t\t\t<div class=\"elementor-widget-container\">\n\t\t\t\t\t\t\t\t\t\t\t\t\t\t\t<img loading=\"lazy\" decoding=\"async\" width=\"1024\" height=\"499\" src=\"https:\/\/kyushomallorca.com\/wp-content\/uploads\/2022\/10\/WhatsApp-Image-2022-10-02-at-13.37.00-1024x499.jpeg\" class=\"attachment-large size-large wp-image-1908\" alt=\"\" srcset=\"https:\/\/kyushomallorca.com\/wp-content\/uploads\/2022\/10\/WhatsApp-Image-2022-10-02-at-13.37.00-1024x499.jpeg 1024w, https:\/\/kyushomallorca.com\/wp-content\/uploads\/2022\/10\/WhatsApp-Image-2022-10-02-at-13.37.00-300x146.jpeg 300w, https:\/\/kyushomallorca.com\/wp-content\/uploads\/2022\/10\/WhatsApp-Image-2022-10-02-at-13.37.00-768x374.jpeg 768w, https:\/\/kyushomallorca.com\/wp-content\/uploads\/2022\/10\/WhatsApp-Image-2022-10-02-at-13.37.00-1536x749.jpeg 1536w, https:\/\/kyushomallorca.com\/wp-content\/uploads\/2022\/10\/WhatsApp-Image-2022-10-02-at-13.37.00.jpeg 1600w\" sizes=\"(max-width: 1024px) 100vw, 1024px\" \/>\t\t\t\t\t\t\t\t\t\t\t\t\t\t\t<\/div>\n\t\t\t\t<\/div>\n\t\t\t\t<div class=\"elementor-element elementor-element-c41e178 elementor-widget elementor-widget-heading\" data-id=\"c41e178\" data-element_type=\"widget\" data-widget_type=\"heading.default\">\n\t\t\t\t<div class=\"elementor-widget-container\">\n\t\t\t\t\t<h2 class=\"elementor-heading-title elementor-size-large\">Ayer s\u00e1bado 24\/09 tuvimos el placer de volver a albergar un nuevo curso de Defensa Personal de ma\u00f1ana y tarde del Aula de Formaci\u00f3n permanente de la Federaci\u00f3 Balear de Judo  i EE.AA. \nRecordamos que es un Deporte Asociado m\u00e1s dentro de nuestra Federaci\u00f3n con una ense\u00f1anza de gran calidad que enfoca la protecci\u00f3n personal siempre cumpliendo la Legislaci\u00f3n vigente, con su programa y sus cinturones igual que cualquier arte marcial.<\/h2>\t\t\t\t<\/div>\n\t\t\t\t<\/div>\n\t\t\t\t<div class=\"elementor-element elementor-element-b3a431f elementor-widget elementor-widget-image\" data-id=\"b3a431f\" data-element_type=\"widget\" data-widget_type=\"image.default\">\n\t\t\t\t<div class=\"elementor-widget-container\">\n\t\t\t\t\t\t\t\t\t\t\t\t\t\t\t<img loading=\"lazy\" decoding=\"async\" width=\"1024\" height=\"771\" src=\"https:\/\/kyushomallorca.com\/wp-content\/uploads\/2022\/09\/WhatsApp-Image-2022-09-25-at-17.53.21-1024x771.jpeg\" class=\"attachment-large size-large wp-image-1825\" alt=\"\" srcset=\"https:\/\/kyushomallorca.com\/wp-content\/uploads\/2022\/09\/WhatsApp-Image-2022-09-25-at-17.53.21-1024x771.jpeg 1024w, https:\/\/kyushomallorca.com\/wp-content\/uploads\/2022\/09\/WhatsApp-Image-2022-09-25-at-17.53.21-300x226.jpeg 300w, https:\/\/kyushomallorca.com\/wp-content\/uploads\/2022\/09\/WhatsApp-Image-2022-09-25-at-17.53.21-768x578.jpeg 768w, https:\/\/kyushomallorca.com\/wp-content\/uploads\/2022\/09\/WhatsApp-Image-2022-09-25-at-17.53.21.jpeg 1080w\" sizes=\"(max-width: 1024px) 100vw, 1024px\" \/>\t\t\t\t\t\t\t\t\t\t\t\t\t\t\t<\/div>\n\t\t\t\t<\/div>\n\t\t\t\t\t<\/div>\n\t\t<\/div>\n\t\t\t\t\t<\/div>\n\t\t<\/section>\n\t\t\t\t<\/div>\n\t\t","protected":false},"excerpt":{"rendered":"<p>18\/12\/2022 Participamos en el Festival infantil organizado por la Federaci\u00f3 Balear de Judo y EEAA siendo la primera vez que hab\u00eda una estaci\u00f3n dedicada a Defensa Personal Infantil en Espa\u00f1a. 26\/11\/2022 Hemos acogido de nuevo el seminario de Defensa Personal de nuestra de nuestra Federaci\u00f3n. 08\/10\/2022 Hemos acogido de nuevo el entrenamiento Federativo de Jiu&hellip;&nbsp;<a href=\"https:\/\/kyushomallorca.com\/index.php\/eventos\/\" class=\"\" rel=\"bookmark\">Leer m\u00e1s &raquo;<span class=\"screen-reader-text\">EVENTOS<\/span><\/a><\/p>\n","protected":false},"author":1,"featured_media":0,"parent":0,"menu_order":0,"comment_status":"closed","ping_status":"closed","template":"page-templates\/template-pagebuilder-full-width.php","meta":{"_monsterinsights_skip_tracking":false,"_monsterinsights_sitenote_active":false,"_monsterinsights_sitenote_note":"","_monsterinsights_sitenote_category":0,"footnotes":""},"class_list":["post-1823","page","type-page","status-publish","hentry"],"yoast_head":"<!-- This site is optimized with the Yoast SEO plugin v27.5 - https:\/\/yoast.com\/product\/yoast-seo-wordpress\/ -->\n<title>EVENTOS | DOJO KOBUKAN<\/title>\n<meta name=\"robots\" content=\"index, follow, max-snippet:-1, max-image-preview:large, max-video-preview:-1\" \/>\n<link rel=\"canonical\" href=\"https:\/\/kyushomallorca.com\/index.php\/eventos\/\" \/>\n<meta property=\"og:locale\" content=\"es_ES\" \/>\n<meta property=\"og:type\" content=\"article\" \/>\n<meta property=\"og:title\" content=\"EVENTOS | DOJO KOBUKAN\" \/>\n<meta property=\"og:description\" content=\"18\/12\/2022 Participamos en el Festival infantil organizado por la Federaci\u00f3 Balear de Judo y EEAA siendo la primera vez que hab\u00eda una estaci\u00f3n dedicada a Defensa Personal Infantil en Espa\u00f1a. 26\/11\/2022 Hemos acogido de nuevo el seminario de Defensa Personal de nuestra de nuestra Federaci\u00f3n. 08\/10\/2022 Hemos acogido de nuevo el entrenamiento Federativo de Jiu&hellip;&nbsp;Leer m\u00e1s &raquo;EVENTOS\" \/>\n<meta property=\"og:url\" content=\"https:\/\/kyushomallorca.com\/index.php\/eventos\/\" \/>\n<meta property=\"og:site_name\" content=\"DOJO KOBUKAN\" \/>\n<meta property=\"article:publisher\" content=\"https:\/\/www.facebook.com\/pedro.ferrari.5817\" \/>\n<meta property=\"article:modified_time\" content=\"2023-02-14T09:51:35+00:00\" \/>\n<meta property=\"og:image\" content=\"https:\/\/kyushomallorca.com\/wp-content\/uploads\/2023\/01\/imagen_2023-01-11_104537698-1024x623.png\" \/>\n<meta name=\"twitter:card\" content=\"summary_large_image\" \/>\n<script type=\"application\/ld+json\" class=\"yoast-schema-graph\">{\"@context\":\"https:\\\/\\\/schema.org\",\"@graph\":[{\"@type\":\"WebPage\",\"@id\":\"https:\\\/\\\/kyushomallorca.com\\\/index.php\\\/eventos\\\/\",\"url\":\"https:\\\/\\\/kyushomallorca.com\\\/index.php\\\/eventos\\\/\",\"name\":\"EVENTOS | DOJO KOBUKAN\",\"isPartOf\":{\"@id\":\"https:\\\/\\\/kyushomallorca.com\\\/#website\"},\"primaryImageOfPage\":{\"@id\":\"https:\\\/\\\/kyushomallorca.com\\\/index.php\\\/eventos\\\/#primaryimage\"},\"image\":{\"@id\":\"https:\\\/\\\/kyushomallorca.com\\\/index.php\\\/eventos\\\/#primaryimage\"},\"thumbnailUrl\":\"https:\\\/\\\/kyushomallorca.com\\\/wp-content\\\/uploads\\\/2023\\\/01\\\/imagen_2023-01-11_104537698-1024x623.png\",\"datePublished\":\"2022-09-25T16:30:00+00:00\",\"dateModified\":\"2023-02-14T09:51:35+00:00\",\"breadcrumb\":{\"@id\":\"https:\\\/\\\/kyushomallorca.com\\\/index.php\\\/eventos\\\/#breadcrumb\"},\"inLanguage\":\"es\",\"potentialAction\":[{\"@type\":\"ReadAction\",\"target\":[\"https:\\\/\\\/kyushomallorca.com\\\/index.php\\\/eventos\\\/\"]}]},{\"@type\":\"ImageObject\",\"inLanguage\":\"es\",\"@id\":\"https:\\\/\\\/kyushomallorca.com\\\/index.php\\\/eventos\\\/#primaryimage\",\"url\":\"https:\\\/\\\/kyushomallorca.com\\\/wp-content\\\/uploads\\\/2023\\\/01\\\/imagen_2023-01-11_104537698.png\",\"contentUrl\":\"https:\\\/\\\/kyushomallorca.com\\\/wp-content\\\/uploads\\\/2023\\\/01\\\/imagen_2023-01-11_104537698.png\",\"width\":1325,\"height\":806},{\"@type\":\"BreadcrumbList\",\"@id\":\"https:\\\/\\\/kyushomallorca.com\\\/index.php\\\/eventos\\\/#breadcrumb\",\"itemListElement\":[{\"@type\":\"ListItem\",\"position\":1,\"name\":\"Inicio\",\"item\":\"https:\\\/\\\/kyushomallorca.com\\\/\"},{\"@type\":\"ListItem\",\"position\":2,\"name\":\"EVENTOS\"}]},{\"@type\":\"WebSite\",\"@id\":\"https:\\\/\\\/kyushomallorca.com\\\/#website\",\"url\":\"https:\\\/\\\/kyushomallorca.com\\\/\",\"name\":\"DOJO KOBUKAN\",\"description\":\"\",\"publisher\":{\"@id\":\"https:\\\/\\\/kyushomallorca.com\\\/#organization\"},\"potentialAction\":[{\"@type\":\"SearchAction\",\"target\":{\"@type\":\"EntryPoint\",\"urlTemplate\":\"https:\\\/\\\/kyushomallorca.com\\\/?s={search_term_string}\"},\"query-input\":{\"@type\":\"PropertyValueSpecification\",\"valueRequired\":true,\"valueName\":\"search_term_string\"}}],\"inLanguage\":\"es\"},{\"@type\":\"Organization\",\"@id\":\"https:\\\/\\\/kyushomallorca.com\\\/#organization\",\"name\":\"DOJO KOBUKAN\",\"url\":\"https:\\\/\\\/kyushomallorca.com\\\/\",\"logo\":{\"@type\":\"ImageObject\",\"inLanguage\":\"es\",\"@id\":\"https:\\\/\\\/kyushomallorca.com\\\/#\\\/schema\\\/logo\\\/image\\\/\",\"url\":\"https:\\\/\\\/kyushomallorca.com\\\/wp-content\\\/uploads\\\/2020\\\/03\\\/LogoFILEminimizer.png\",\"contentUrl\":\"https:\\\/\\\/kyushomallorca.com\\\/wp-content\\\/uploads\\\/2020\\\/03\\\/LogoFILEminimizer.png\",\"width\":728,\"height\":726,\"caption\":\"DOJO KOBUKAN\"},\"image\":{\"@id\":\"https:\\\/\\\/kyushomallorca.com\\\/#\\\/schema\\\/logo\\\/image\\\/\"},\"sameAs\":[\"https:\\\/\\\/www.facebook.com\\\/pedro.ferrari.5817\",\"https:\\\/\\\/www.facebook.com\\\/profile.php?id=100083993152571\"]}]}<\/script>\n<!-- \/ Yoast SEO plugin. -->","yoast_head_json":{"title":"EVENTOS | DOJO KOBUKAN","robots":{"index":"index","follow":"follow","max-snippet":"max-snippet:-1","max-image-preview":"max-image-preview:large","max-video-preview":"max-video-preview:-1"},"canonical":"https:\/\/kyushomallorca.com\/index.php\/eventos\/","og_locale":"es_ES","og_type":"article","og_title":"EVENTOS | DOJO KOBUKAN","og_description":"18\/12\/2022 Participamos en el Festival infantil organizado por la Federaci\u00f3 Balear de Judo y EEAA siendo la primera vez que hab\u00eda una estaci\u00f3n dedicada a Defensa Personal Infantil en Espa\u00f1a. 26\/11\/2022 Hemos acogido de nuevo el seminario de Defensa Personal de nuestra de nuestra Federaci\u00f3n. 08\/10\/2022 Hemos acogido de nuevo el entrenamiento Federativo de Jiu&hellip;&nbsp;Leer m\u00e1s &raquo;EVENTOS","og_url":"https:\/\/kyushomallorca.com\/index.php\/eventos\/","og_site_name":"DOJO KOBUKAN","article_publisher":"https:\/\/www.facebook.com\/pedro.ferrari.5817","article_modified_time":"2023-02-14T09:51:35+00:00","og_image":[{"url":"https:\/\/kyushomallorca.com\/wp-content\/uploads\/2023\/01\/imagen_2023-01-11_104537698-1024x623.png","type":"","width":"","height":""}],"twitter_card":"summary_large_image","schema":{"@context":"https:\/\/schema.org","@graph":[{"@type":"WebPage","@id":"https:\/\/kyushomallorca.com\/index.php\/eventos\/","url":"https:\/\/kyushomallorca.com\/index.php\/eventos\/","name":"EVENTOS | DOJO KOBUKAN","isPartOf":{"@id":"https:\/\/kyushomallorca.com\/#website"},"primaryImageOfPage":{"@id":"https:\/\/kyushomallorca.com\/index.php\/eventos\/#primaryimage"},"image":{"@id":"https:\/\/kyushomallorca.com\/index.php\/eventos\/#primaryimage"},"thumbnailUrl":"https:\/\/kyushomallorca.com\/wp-content\/uploads\/2023\/01\/imagen_2023-01-11_104537698-1024x623.png","datePublished":"2022-09-25T16:30:00+00:00","dateModified":"2023-02-14T09:51:35+00:00","breadcrumb":{"@id":"https:\/\/kyushomallorca.com\/index.php\/eventos\/#breadcrumb"},"inLanguage":"es","potentialAction":[{"@type":"ReadAction","target":["https:\/\/kyushomallorca.com\/index.php\/eventos\/"]}]},{"@type":"ImageObject","inLanguage":"es","@id":"https:\/\/kyushomallorca.com\/index.php\/eventos\/#primaryimage","url":"https:\/\/kyushomallorca.com\/wp-content\/uploads\/2023\/01\/imagen_2023-01-11_104537698.png","contentUrl":"https:\/\/kyushomallorca.com\/wp-content\/uploads\/2023\/01\/imagen_2023-01-11_104537698.png","width":1325,"height":806},{"@type":"BreadcrumbList","@id":"https:\/\/kyushomallorca.com\/index.php\/eventos\/#breadcrumb","itemListElement":[{"@type":"ListItem","position":1,"name":"Inicio","item":"https:\/\/kyushomallorca.com\/"},{"@type":"ListItem","position":2,"name":"EVENTOS"}]},{"@type":"WebSite","@id":"https:\/\/kyushomallorca.com\/#website","url":"https:\/\/kyushomallorca.com\/","name":"DOJO KOBUKAN","description":"","publisher":{"@id":"https:\/\/kyushomallorca.com\/#organization"},"potentialAction":[{"@type":"SearchAction","target":{"@type":"EntryPoint","urlTemplate":"https:\/\/kyushomallorca.com\/?s={search_term_string}"},"query-input":{"@type":"PropertyValueSpecification","valueRequired":true,"valueName":"search_term_string"}}],"inLanguage":"es"},{"@type":"Organization","@id":"https:\/\/kyushomallorca.com\/#organization","name":"DOJO KOBUKAN","url":"https:\/\/kyushomallorca.com\/","logo":{"@type":"ImageObject","inLanguage":"es","@id":"https:\/\/kyushomallorca.com\/#\/schema\/logo\/image\/","url":"https:\/\/kyushomallorca.com\/wp-content\/uploads\/2020\/03\/LogoFILEminimizer.png","contentUrl":"https:\/\/kyushomallorca.com\/wp-content\/uploads\/2020\/03\/LogoFILEminimizer.png","width":728,"height":726,"caption":"DOJO KOBUKAN"},"image":{"@id":"https:\/\/kyushomallorca.com\/#\/schema\/logo\/image\/"},"sameAs":["https:\/\/www.facebook.com\/pedro.ferrari.5817","https:\/\/www.facebook.com\/profile.php?id=100083993152571"]}]}},"_links":{"self":[{"href":"https:\/\/kyushomallorca.com\/index.php\/wp-json\/wp\/v2\/pages\/1823","targetHints":{"allow":["GET"]}}],"collection":[{"href":"https:\/\/kyushomallorca.com\/index.php\/wp-json\/wp\/v2\/pages"}],"about":[{"href":"https:\/\/kyushomallorca.com\/index.php\/wp-json\/wp\/v2\/types\/page"}],"author":[{"embeddable":true,"href":"https:\/\/kyushomallorca.com\/index.php\/wp-json\/wp\/v2\/users\/1"}],"replies":[{"embeddable":true,"href":"https:\/\/kyushomallorca.com\/index.php\/wp-json\/wp\/v2\/comments?post=1823"}],"version-history":[{"count":26,"href":"https:\/\/kyushomallorca.com\/index.php\/wp-json\/wp\/v2\/pages\/1823\/revisions"}],"predecessor-version":[{"id":1993,"href":"https:\/\/kyushomallorca.com\/index.php\/wp-json\/wp\/v2\/pages\/1823\/revisions\/1993"}],"wp:attachment":[{"href":"https:\/\/kyushomallorca.com\/index.php\/wp-json\/wp\/v2\/media?parent=1823"}],"curies":[{"name":"wp","href":"https:\/\/api.w.org\/{rel}","templated":true}]}}